{"id":11387,"date":"2023-12-11T10:46:24","date_gmt":"2023-12-11T09:46:24","guid":{"rendered":"https:\/\/www.charmig.nl\/?post_type=product&#038;p=11387"},"modified":"2026-04-23T09:35:52","modified_gmt":"2026-04-23T07:35:52","slug":"modulaire-bank-elementen-bank-leer-bruin","status":"publish","type":"product","link":"https:\/\/www.charmig.nl\/fr\/produit\/archives\/modulaire-bank-elementen-bank-leer-bruin\/","title":{"rendered":"Canap\u00e9 modulable | Canap\u00e9 Elements | Cuir | Marron"},"content":{"rendered":"","protected":false},"excerpt":{"rendered":"Num\u00e9ro d'article : 210961\r\n\r\nMagnifique canap\u00e9 modulaire vintage \/ canap\u00e9 \u00e0 \u00e9l\u00e9ments des ann\u00e9es 1970, en cuir marron. L'ensemble se compose d'un total de 8 pi\u00e8ces qui peuvent \u00e9galement \u00eatre plac\u00e9es s\u00e9par\u00e9ment. Un autre grand avantage est que le canap\u00e9 peut \u00eatre plac\u00e9 en alternance. L'ensemble se compose de 5 \u00e9l\u00e9ments centraux et de 3 \u00e9l\u00e9ments d'angle. Les \u00e9l\u00e9ments peuvent \u00eatre assembl\u00e9s au niveau des pieds. Le canap\u00e9 est en \u00e9tat vintage et offre un bon confort d'assise. Un canap\u00e9 parfait pour une mancave, par exemple !\r\n\r\nP\u00e9riode de conception : 1970\r\nStyle : Vintage, Mid-century modern\r\nMati\u00e8re : Cuir\r\nCondition : En condition vintage, quelques d\u00e9chirures dans le cuir du dossier.\r\n\r\nDimensions :\r\n\r\nHauteur d'assise : 37 cm\r\nProfondeur de l'assise : 56 cm\r\n\r\n\u00c9l\u00e9ment d'angle :\r\nHauteur : 73 cm\r\nLargeur : 85 cm\r\nProfondeur : 85 cm\r\n\r\n\u00c9l\u00e9ment central :\r\nHauteur : 73 cm\r\nLargeur : 74 cm\r\nProfondeur : 85 cm","protected":false},"featured_media":11390,"template":"","meta":{"_acf_changed":false},"product_brand":[],"product_cat":[103],"product_tag":[],"class_list":{"0":"post-11387","1":"product","2":"type-product","3":"status-publish","4":"has-post-thumbnail","6":"product_cat-archief","7":"product_shipping_class-koerier","9":"first","10":"outofstock","11":"shipping-taxable","12":"product-type-simple"},"composite_virtual":false,"composite_layout":"","composite_add_to_cart_form_location":"","composite_editable_in_cart":false,"composite_sold_individually_context":"","composite_shop_price_calc":"","composite_components":[],"composite_scenarios":[],"exclude_global_add_ons":[],"addons":[],"acf":[],"yoast_head":null,"yoast_head_json":null,"_links":{"self":[{"href":"https:\/\/www.charmig.nl\/fr\/wp-json\/wp\/v2\/product\/11387","targetHints":{"allow":["GET"]}}],"collection":[{"href":"https:\/\/www.charmig.nl\/fr\/wp-json\/wp\/v2\/product"}],"about":[{"href":"https:\/\/www.charmig.nl\/fr\/wp-json\/wp\/v2\/types\/product"}],"wp:featuredmedia":[{"embeddable":true,"href":"https:\/\/www.charmig.nl\/fr\/wp-json\/wp\/v2\/media\/11390"}],"wp:attachment":[{"href":"https:\/\/www.charmig.nl\/fr\/wp-json\/wp\/v2\/media?parent=11387"}],"wp:term":[{"taxonomy":"product_brand","embeddable":true,"href":"https:\/\/www.charmig.nl\/fr\/wp-json\/wp\/v2\/product_brand?post=11387"},{"taxonomy":"product_cat","embeddable":true,"href":"https:\/\/www.charmig.nl\/fr\/wp-json\/wp\/v2\/product_cat?post=11387"},{"taxonomy":"product_tag","embeddable":true,"href":"https:\/\/www.charmig.nl\/fr\/wp-json\/wp\/v2\/product_tag?post=11387"}],"curies":[{"name":"wp","href":"https:\/\/api.w.org\/{rel}","templated":true}]}}