{"id":12001,"date":"2024-01-04T14:58:33","date_gmt":"2024-01-04T13:58:33","guid":{"rendered":"https:\/\/www.charmig.nl\/?post_type=product&#038;p=12001"},"modified":"2026-04-23T09:35:57","modified_gmt":"2026-04-23T07:35:57","slug":"4x-niels-otto-moller-eetkamerstoelen-model-56-eiken-gerestaureerd","status":"publish","type":"product","link":"https:\/\/www.charmig.nl\/fr\/produit\/archives\/4x-niels-otto-moller-eetkamerstoelen-model-56-eiken-gerestaureerd\/","title":{"rendered":"2 x chaises de salle \u00e0 manger Niels Otto Moller | Mod\u00e8le 56 | Ch\u00eane | Restaur\u00e9"},"content":{"rendered":"","protected":false},"excerpt":{"rendered":"Num\u00e9ro d'article : 211044\r\n\r\nEnsemble de 2 magnifiques chaises de salle \u00e0 manger vintage. Ces chaises ont \u00e9t\u00e9 con\u00e7ues par Niels Otto M\u00f8ller, mod\u00e8le 56. Les chaises sont finies en ch\u00eane et \u00e9quip\u00e9es de nouvelles cordes en papier danois. Les cadres des chaises ont \u00e9t\u00e9 r\u00e9nov\u00e9s avec du savon danois.\r\n\r\nP\u00e9riode de conception : 1950 - 1960\r\nStyle : moderne du milieu du si\u00e8cle - design danois - design scandinave\r\nMat\u00e9riau : Ch\u00eane, Papercord danois\r\n\u00c9tat : restaur\u00e9, cadres v\u00e9rifi\u00e9s et \u00e9quip\u00e9s de nouveaux cordons en papier.\r\nCr\u00e9ateur : Niels Otto M\u00f8ller\r\nFabricant : JL Mollers Mobelfabrik\r\n\r\nDimensions : Hauteur : 76 cm\r\nHauteur : 76 cm\r\nHauteur de l'assise : 44 cm\r\nLargeur : 58 cm\r\nProfondeur : 51 cm\r\nHauteur des accoudoirs : 65 cm","protected":false},"featured_media":12015,"template":"","meta":{"_acf_changed":false},"product_brand":[],"product_cat":[103],"product_tag":[],"class_list":{"0":"post-12001","1":"product","2":"type-product","3":"status-publish","4":"has-post-thumbnail","6":"product_cat-archief","7":"product_shipping_class-koerier","9":"first","10":"outofstock","11":"shipping-taxable","12":"product-type-simple"},"composite_virtual":false,"composite_layout":"","composite_add_to_cart_form_location":"","composite_editable_in_cart":false,"composite_sold_individually_context":"","composite_shop_price_calc":"","composite_components":[],"composite_scenarios":[],"exclude_global_add_ons":[],"addons":[],"acf":[],"yoast_head":null,"yoast_head_json":null,"_links":{"self":[{"href":"https:\/\/www.charmig.nl\/fr\/wp-json\/wp\/v2\/product\/12001","targetHints":{"allow":["GET"]}}],"collection":[{"href":"https:\/\/www.charmig.nl\/fr\/wp-json\/wp\/v2\/product"}],"about":[{"href":"https:\/\/www.charmig.nl\/fr\/wp-json\/wp\/v2\/types\/product"}],"wp:featuredmedia":[{"embeddable":true,"href":"https:\/\/www.charmig.nl\/fr\/wp-json\/wp\/v2\/media\/12015"}],"wp:attachment":[{"href":"https:\/\/www.charmig.nl\/fr\/wp-json\/wp\/v2\/media?parent=12001"}],"wp:term":[{"taxonomy":"product_brand","embeddable":true,"href":"https:\/\/www.charmig.nl\/fr\/wp-json\/wp\/v2\/product_brand?post=12001"},{"taxonomy":"product_cat","embeddable":true,"href":"https:\/\/www.charmig.nl\/fr\/wp-json\/wp\/v2\/product_cat?post=12001"},{"taxonomy":"product_tag","embeddable":true,"href":"https:\/\/www.charmig.nl\/fr\/wp-json\/wp\/v2\/product_tag?post=12001"}],"curies":[{"name":"wp","href":"https:\/\/api.w.org\/{rel}","templated":true}]}}