{"id":14934,"date":"2024-06-25T13:02:13","date_gmt":"2024-06-25T11:02:13","guid":{"rendered":"https:\/\/www.charmig.nl\/?post_type=product&#038;p=14934"},"modified":"2026-04-23T09:36:16","modified_gmt":"2026-04-23T07:36:16","slug":"vintage-eettafel-uitschuifbaar-eiken","status":"publish","type":"product","link":"https:\/\/www.charmig.nl\/fr\/produit\/archives\/vintage-eettafel-uitschuifbaar-eiken\/","title":{"rendered":"Table de salle \u00e0 manger vintage | extensible | Ch\u00eane"},"content":{"rendered":"","protected":false},"excerpt":{"rendered":"Num\u00e9ro d'article : 211204\r\n\r\nCette magnifique table de salle \u00e0 manger vintage vient du Danemark et est finie en ch\u00eane. La table est id\u00e9ale si vous ne vivez pas tr\u00e8s nombreux, car elle dispose de 2 rallonges. Ainsi, la table compacte pour 4 personnes se transforme soudainement en une table o\u00f9 vous pouvez d\u00eener avec un grand groupe !\r\n\r\nP\u00e9riode de conception : 1950-1960\r\nStyle : Mid century modern, Scandinavian design\r\n\u00c9tat : En tr\u00e8s bon \u00e9tat\r\nMat\u00e9riau : Ch\u00eane\r\n\r\nDimensions : Longueur : 128 cm\r\nLongueur : 128 cm\r\nLongueur \u00e9tendue : 216 cm\r\nProfondeur : 88 cm\r\nHauteur : 77 cm","protected":false},"featured_media":14936,"template":"","meta":{"_acf_changed":false},"product_brand":[],"product_cat":[103],"product_tag":[],"class_list":{"0":"post-14934","1":"product","2":"type-product","3":"status-publish","4":"has-post-thumbnail","6":"product_cat-archief","7":"product_shipping_class-koerier","9":"first","10":"outofstock","11":"shipping-taxable","12":"product-type-simple"},"composite_virtual":false,"composite_layout":"","composite_add_to_cart_form_location":"","composite_editable_in_cart":false,"composite_sold_individually_context":"","composite_shop_price_calc":"","composite_components":[],"composite_scenarios":[],"exclude_global_add_ons":[],"addons":[],"acf":[],"yoast_head":null,"yoast_head_json":null,"_links":{"self":[{"href":"https:\/\/www.charmig.nl\/fr\/wp-json\/wp\/v2\/product\/14934","targetHints":{"allow":["GET"]}}],"collection":[{"href":"https:\/\/www.charmig.nl\/fr\/wp-json\/wp\/v2\/product"}],"about":[{"href":"https:\/\/www.charmig.nl\/fr\/wp-json\/wp\/v2\/types\/product"}],"wp:featuredmedia":[{"embeddable":true,"href":"https:\/\/www.charmig.nl\/fr\/wp-json\/wp\/v2\/media\/14936"}],"wp:attachment":[{"href":"https:\/\/www.charmig.nl\/fr\/wp-json\/wp\/v2\/media?parent=14934"}],"wp:term":[{"taxonomy":"product_brand","embeddable":true,"href":"https:\/\/www.charmig.nl\/fr\/wp-json\/wp\/v2\/product_brand?post=14934"},{"taxonomy":"product_cat","embeddable":true,"href":"https:\/\/www.charmig.nl\/fr\/wp-json\/wp\/v2\/product_cat?post=14934"},{"taxonomy":"product_tag","embeddable":true,"href":"https:\/\/www.charmig.nl\/fr\/wp-json\/wp\/v2\/product_tag?post=14934"}],"curies":[{"name":"wp","href":"https:\/\/api.w.org\/{rel}","templated":true}]}}