{"id":16183,"date":"2024-10-16T19:04:54","date_gmt":"2024-10-16T17:04:54","guid":{"rendered":"https:\/\/www.charmig.nl\/?post_type=product&#038;p=16183"},"modified":"2026-04-23T09:36:23","modified_gmt":"2026-04-23T07:36:23","slug":"vintage-eettafel-uitschuifbaar-teak","status":"publish","type":"product","link":"https:\/\/www.charmig.nl\/fr\/produit\/archives\/vintage-eettafel-uitschuifbaar-teak\/","title":{"rendered":"Table de salle \u00e0 manger vintage | extensible | Teck | 145 cm"},"content":{"rendered":"","protected":false},"excerpt":{"rendered":"Num\u00e9ro d'article : 211321\r\n\r\nCette table de salle \u00e0 manger multifonctionnelle est incroyablement pratique et agr\u00e9able \u00e0 regarder. La table vintage a de beaux coins arrondis et est tr\u00e8s pratique. La table peut \u00eatre rallong\u00e9e \u00e0 l'aide de deux parties, qui peuvent \u00eatre gliss\u00e9es sous la feuille normale apr\u00e8s la rallonge. Vous les avez donc toujours \u00e0 port\u00e9e de main !\r\n\r\nP\u00e9riode de conception : 1950-1960\r\nStyle : moderne du milieu du si\u00e8cle, design scandinave\r\n\u00c9tat : En bon \u00e9tat vintage, l\u00e9g\u00e8res traces d'utilisation correspondant \u00e0 l'\u00e2ge du meuble\r\nPays d'origine : Danemark\r\n\r\nLes dimensions\r\nLargeur : 145 cm\r\nLargeur \u00e9tendue : 245 cm\r\nProfondeur : 90 cm\r\nHauteur : 74 cm\r\n\r\nLes articles de la vente d'\u00e9t\u00e9 ne peuvent pas \u00eatre retourn\u00e9s","protected":false},"featured_media":16184,"template":"","meta":{"_acf_changed":false},"product_brand":[],"product_cat":[103],"product_tag":[],"class_list":{"0":"post-16183","1":"product","2":"type-product","3":"status-publish","4":"has-post-thumbnail","6":"product_cat-archief","7":"product_shipping_class-koerier","9":"first","10":"outofstock","11":"shipping-taxable","12":"purchasable","13":"product-type-simple"},"composite_virtual":false,"composite_layout":"","composite_add_to_cart_form_location":"","composite_editable_in_cart":false,"composite_sold_individually_context":"","composite_shop_price_calc":"","composite_components":[],"composite_scenarios":[],"exclude_global_add_ons":[],"addons":[],"acf":[],"yoast_head":null,"yoast_head_json":null,"_links":{"self":[{"href":"https:\/\/www.charmig.nl\/fr\/wp-json\/wp\/v2\/product\/16183","targetHints":{"allow":["GET"]}}],"collection":[{"href":"https:\/\/www.charmig.nl\/fr\/wp-json\/wp\/v2\/product"}],"about":[{"href":"https:\/\/www.charmig.nl\/fr\/wp-json\/wp\/v2\/types\/product"}],"wp:featuredmedia":[{"embeddable":true,"href":"https:\/\/www.charmig.nl\/fr\/wp-json\/wp\/v2\/media\/16184"}],"wp:attachment":[{"href":"https:\/\/www.charmig.nl\/fr\/wp-json\/wp\/v2\/media?parent=16183"}],"wp:term":[{"taxonomy":"product_brand","embeddable":true,"href":"https:\/\/www.charmig.nl\/fr\/wp-json\/wp\/v2\/product_brand?post=16183"},{"taxonomy":"product_cat","embeddable":true,"href":"https:\/\/www.charmig.nl\/fr\/wp-json\/wp\/v2\/product_cat?post=16183"},{"taxonomy":"product_tag","embeddable":true,"href":"https:\/\/www.charmig.nl\/fr\/wp-json\/wp\/v2\/product_tag?post=16183"}],"curies":[{"name":"wp","href":"https:\/\/api.w.org\/{rel}","templated":true}]}}