{"id":18458,"date":"2025-01-30T20:57:43","date_gmt":"2025-01-30T19:57:43","guid":{"rendered":"https:\/\/www.charmig.nl\/?post_type=product&#038;p=18458"},"modified":"2026-04-23T09:36:40","modified_gmt":"2026-04-23T07:36:40","slug":"vintage-vloerlamp-louis-poulsen-panthella-verner-panton","status":"publish","type":"product","link":"https:\/\/www.charmig.nl\/fr\/produit\/archives\/vintage-vloerlamp-louis-poulsen-panthella-verner-panton\/","title":{"rendered":"Lampadaire vintage | Louis Poulsen | Panthella | Verner Panton"},"content":{"rendered":"","protected":false},"excerpt":{"rendered":"Num\u00e9ro d'article : 211477\r\n\r\nIl s'agit d'un v\u00e9ritable classique du design que vous reconnaissez probablement en tant qu'amateur de vintage ! Cette lampe Panthella vintage a \u00e9t\u00e9 con\u00e7ue par Verner Panton pour Louis Poulsen dans les ann\u00e9es 1970. Le lampadaire blanc s'adapte \u00e0 toutes les pi\u00e8ces et \u00e0 tous les endroits. \u00c0 travers l'abat-jour en plastique, la lumi\u00e8re brille de mani\u00e8re fantastique. La lampe est dans un \u00e9tat vintage. Les parties en plastique, \u00e0 savoir la base et la partie sup\u00e9rieure, sont d\u00e9color\u00e9es. C'est le cas de toutes les lampes Panthella d'\u00e9poque. L'abat-jour de cette lampe ne pr\u00e9sente aucune fissure. L'interrupteur de la lampe est incorpor\u00e9 dans le socle.\r\n\r\nStyle : Moderne du milieu du si\u00e8cle - Design danois - Design scandinave\r\nMat\u00e9riau : Plastique\r\nCondition : Bon \u00e9tat vintage, la base et le pied pr\u00e9sentent quelques d\u00e9colorations.\r\nDesigner : Verner Panton\r\nMarque : Louis Poulsen\r\n\r\nDimensions : Hauteur : 130 cm\r\nHauteur : 130 cm\r\nDiam\u00e8tre : 50 cm","protected":false},"featured_media":18462,"template":"","meta":{"_acf_changed":false},"product_brand":[],"product_cat":[103],"product_tag":[],"class_list":{"0":"post-18458","1":"product","2":"type-product","3":"status-publish","4":"has-post-thumbnail","6":"product_cat-archief","7":"product_shipping_class-koerier","9":"first","10":"outofstock","11":"shipping-taxable","12":"purchasable","13":"product-type-simple"},"composite_virtual":false,"composite_layout":"","composite_add_to_cart_form_location":"","composite_editable_in_cart":false,"composite_sold_individually_context":"","composite_shop_price_calc":"","composite_components":[],"composite_scenarios":[],"exclude_global_add_ons":[],"addons":[],"acf":[],"yoast_head":null,"yoast_head_json":null,"_links":{"self":[{"href":"https:\/\/www.charmig.nl\/fr\/wp-json\/wp\/v2\/product\/18458","targetHints":{"allow":["GET"]}}],"collection":[{"href":"https:\/\/www.charmig.nl\/fr\/wp-json\/wp\/v2\/product"}],"about":[{"href":"https:\/\/www.charmig.nl\/fr\/wp-json\/wp\/v2\/types\/product"}],"wp:featuredmedia":[{"embeddable":true,"href":"https:\/\/www.charmig.nl\/fr\/wp-json\/wp\/v2\/media\/18462"}],"wp:attachment":[{"href":"https:\/\/www.charmig.nl\/fr\/wp-json\/wp\/v2\/media?parent=18458"}],"wp:term":[{"taxonomy":"product_brand","embeddable":true,"href":"https:\/\/www.charmig.nl\/fr\/wp-json\/wp\/v2\/product_brand?post=18458"},{"taxonomy":"product_cat","embeddable":true,"href":"https:\/\/www.charmig.nl\/fr\/wp-json\/wp\/v2\/product_cat?post=18458"},{"taxonomy":"product_tag","embeddable":true,"href":"https:\/\/www.charmig.nl\/fr\/wp-json\/wp\/v2\/product_tag?post=18458"}],"curies":[{"name":"wp","href":"https:\/\/api.w.org\/{rel}","templated":true}]}}