{"id":18953,"date":"2025-02-07T12:31:49","date_gmt":"2025-02-07T11:31:49","guid":{"rendered":"https:\/\/www.charmig.nl\/?post_type=product&#038;p=18953"},"modified":"2026-04-23T09:36:44","modified_gmt":"2026-04-23T07:36:44","slug":"vintage-kast-deens-design-schuifdeuren-gunni-omann-180-cm","status":"publish","type":"product","link":"https:\/\/www.charmig.nl\/fr\/produit\/archives\/vintage-kast-deens-design-schuifdeuren-gunni-omann-180-cm\/","title":{"rendered":"Armoire vintage | design danois | portes coulissantes | Gunni Omann | 180 cm"},"content":{"rendered":"","protected":false},"excerpt":{"rendered":"Num\u00e9ro d'article : 211500\r\n\r\nApportez l'\u00e9l\u00e9gance danoise dans votre maison avec ce meuble haut vintage, con\u00e7u par Omann Junn pour Gunni Omann dans les ann\u00e9es 1960. Il s'agit du mod\u00e8le num\u00e9ro 13.\r\n\r\nCe meuble vintage offre beaucoup d'espace de rangement derri\u00e8re les 4 portes coulissantes et les 2 tiroirs. Gr\u00e2ce \u00e0 ses poign\u00e9es distinctives et \u00e0 son design \u00e9pur\u00e9, ce meuble mural vintage attire tous les regards dans n'importe quel int\u00e9rieur ! Derri\u00e8re la porte coulissante gauche se trouvent 6 tiroirs. Derri\u00e8re les autres portes coulissantes se trouvent des \u00e9tag\u00e8res r\u00e9glables. Gr\u00e2ce \u00e0 son agencement spacieux, l'armoire peut \u00eatre utilis\u00e9e comme placard \u00e0 vaisselle.\r\n\r\nL'arri\u00e8re de l'armoire est joliment fini, ce qui la rend \u00e9galement utilisable comme s\u00e9parateur de pi\u00e8ce vintage.\r\n\r\n    P\u00e9riode de cr\u00e9ation : 1950 - 1960\r\n    Style : moderne du milieu du si\u00e8cle - design scandinave - design danois\r\n    Mat\u00e9riau : Teck (placage)\r\n    \u00c9tat : En bon \u00e9tat\r\n    Pays d'origine : Danemark\r\n    Designer : Omann Jun\r\n    Fabricant : Gunni Oman\r\n\r\n<strong>Dimensions : <\/strong>\r\nLargeur : 180 cm\r\nHauteur : 120 cm\r\nProfondeur : 45,5 cm\r\n\r\nLes articles des soldes d'\u00e9t\u00e9 ne peuvent pas \u00eatre retourn\u00e9s","protected":false},"featured_media":18954,"template":"","meta":{"_acf_changed":false},"product_brand":[],"product_cat":[103],"product_tag":[],"class_list":{"0":"post-18953","1":"product","2":"type-product","3":"status-publish","4":"has-post-thumbnail","6":"product_cat-archief","7":"product_shipping_class-koerier","9":"first","10":"outofstock","11":"shipping-taxable","12":"product-type-simple"},"composite_virtual":false,"composite_layout":"","composite_add_to_cart_form_location":"","composite_editable_in_cart":false,"composite_sold_individually_context":"","composite_shop_price_calc":"","composite_components":[],"composite_scenarios":[],"exclude_global_add_ons":[],"addons":[],"acf":[],"yoast_head":null,"yoast_head_json":null,"_links":{"self":[{"href":"https:\/\/www.charmig.nl\/fr\/wp-json\/wp\/v2\/product\/18953","targetHints":{"allow":["GET"]}}],"collection":[{"href":"https:\/\/www.charmig.nl\/fr\/wp-json\/wp\/v2\/product"}],"about":[{"href":"https:\/\/www.charmig.nl\/fr\/wp-json\/wp\/v2\/types\/product"}],"wp:featuredmedia":[{"embeddable":true,"href":"https:\/\/www.charmig.nl\/fr\/wp-json\/wp\/v2\/media\/18954"}],"wp:attachment":[{"href":"https:\/\/www.charmig.nl\/fr\/wp-json\/wp\/v2\/media?parent=18953"}],"wp:term":[{"taxonomy":"product_brand","embeddable":true,"href":"https:\/\/www.charmig.nl\/fr\/wp-json\/wp\/v2\/product_brand?post=18953"},{"taxonomy":"product_cat","embeddable":true,"href":"https:\/\/www.charmig.nl\/fr\/wp-json\/wp\/v2\/product_cat?post=18953"},{"taxonomy":"product_tag","embeddable":true,"href":"https:\/\/www.charmig.nl\/fr\/wp-json\/wp\/v2\/product_tag?post=18953"}],"curies":[{"name":"wp","href":"https:\/\/api.w.org\/{rel}","templated":true}]}}