{"id":19647,"date":"2025-03-05T21:22:45","date_gmt":"2025-03-05T20:22:45","guid":{"rendered":"https:\/\/www.charmig.nl\/?post_type=product&#038;p=19647"},"modified":"2026-06-05T15:37:55","modified_gmt":"2026-06-05T13:37:55","slug":"vintage-fauteuil-teak-loungestoel-gimson-and-slater","status":"publish","type":"product","link":"https:\/\/www.charmig.nl\/fr\/product\/archief\/vintage-fauteuil-teak-loungestoel-gimson-and-slater\/","title":{"rendered":"Fauteuil vintage | Bois massif | Chaise longue | Gimson and Slater"},"content":{"rendered":"","protected":false},"excerpt":{"rendered":"Vous recherchez un fauteuil intemporel dans lequel vous pourrez vous d\u00e9tendre pleinement ? Alors ce fauteuil relax vintage est fait pour vous ! Fabriqu\u00e9 par Gimson &amp; Slatel, il a \u00e9t\u00e9 baptis\u00e9 \u2018 Rock \u2019n Rest \u2019 en Angleterre. Gr\u00e2ce \u00e0 ses diff\u00e9rentes positions, vous pouvez vous installer exactement comme vous le souhaitez. Sur le c\u00f4t\u00e9 droit se trouve un levier qui vous permet de r\u00e9gler le fauteuil.\r\n\r\nUne fois que vous vous serez install\u00e9 dans ce fauteuil de d\u00e9tente vintage, vous ne voudrez plus en sortir. Cela tient \u00e0 son dossier haut, \u00e0 son assise profonde et \u00e0 ses accoudoirs confortables. Le fauteuil est dot\u00e9 d\u2019un rembourrage neuf et d\u2019un magnifique tissu gris fonc\u00e9. Le cadre est en bois massif.\r\n\r\nP\u00e9riode de conception : ann\u00e9es 1960\nStyle : Vintage, Mid-century modern\nMat\u00e9riaux : Bois, tissu\n\u00c9tat : En tr\u00e8s bon \u00e9tat vintage. Dot\u00e9 d\u2019un rembourrage et d\u2019un tissu neufs. La petite boule sur le levier est manquante.\r\n\r\nDimensions :\nLargeur : 71 cm\nProfondeur : 80 cm\nHauteur : 96 cm\nProfondeur d'assise : 52 cm\nHauteur d'assise : 37 cm\r\n\r\n<em>Num\u00e9ro d'article : 211503<\/em>","protected":false},"featured_media":19652,"template":"","meta":{"_acf_changed":false},"product_brand":[],"product_cat":[103],"product_tag":[],"class_list":["post-19647","product","type-product","status-publish","has-post-thumbnail","product_cat-archief","product_shipping_class-koerier","first","outofstock","shipping-taxable","purchasable","product-type-simple"],"composite_virtual":false,"composite_layout":"","composite_add_to_cart_form_location":"","composite_editable_in_cart":false,"composite_sold_individually_context":"","composite_shop_price_calc":"","composite_components":[],"composite_scenarios":[],"exclude_global_add_ons":[],"addons":[],"acf":[],"yoast_head":null,"yoast_head_json":null,"_links":{"self":[{"href":"https:\/\/www.charmig.nl\/fr\/wp-json\/wp\/v2\/product\/19647","targetHints":{"allow":["GET"]}}],"collection":[{"href":"https:\/\/www.charmig.nl\/fr\/wp-json\/wp\/v2\/product"}],"about":[{"href":"https:\/\/www.charmig.nl\/fr\/wp-json\/wp\/v2\/types\/product"}],"wp:featuredmedia":[{"embeddable":true,"href":"https:\/\/www.charmig.nl\/fr\/wp-json\/wp\/v2\/media\/19652"}],"wp:attachment":[{"href":"https:\/\/www.charmig.nl\/fr\/wp-json\/wp\/v2\/media?parent=19647"}],"wp:term":[{"taxonomy":"product_brand","embeddable":true,"href":"https:\/\/www.charmig.nl\/fr\/wp-json\/wp\/v2\/product_brand?post=19647"},{"taxonomy":"product_cat","embeddable":true,"href":"https:\/\/www.charmig.nl\/fr\/wp-json\/wp\/v2\/product_cat?post=19647"},{"taxonomy":"product_tag","embeddable":true,"href":"https:\/\/www.charmig.nl\/fr\/wp-json\/wp\/v2\/product_tag?post=19647"}],"curies":[{"name":"wp","href":"https:\/\/api.w.org\/{rel}","templated":true}]}}