{"id":19784,"date":"2025-03-13T19:31:16","date_gmt":"2025-03-13T18:31:16","guid":{"rendered":"https:\/\/www.charmig.nl\/?post_type=product&#038;p=19784"},"modified":"2026-06-05T15:37:56","modified_gmt":"2026-06-05T13:37:56","slug":"vintage-ladekast-teak-3-lades-2","status":"publish","type":"product","link":"https:\/\/www.charmig.nl\/fr\/product\/archief\/vintage-ladekast-teak-3-lades-2\/","title":{"rendered":"Commode vintage | Teck | 3 tiroirs"},"content":{"rendered":"","protected":false},"excerpt":{"rendered":"Cette commode vintage \u00e0 3 tiroirs est tr\u00e8s compacte et s'int\u00e8gre dans n'importe quelle pi\u00e8ce. Fabriqu\u00e9e en teck, elle provient du Danemark. Ce qui la distingue, ce sont ses poign\u00e9es aux formes organiques. Un ajout \u00e9l\u00e9gant et pratique \u00e0 votre int\u00e9rieur mid-century !\r\n\r\nP\u00e9riode de conception : 1950 \u2013 1960\nStyle : Mid-century modern \u2013 Design danois \u2013 Design scandinave\nMat\u00e9riau : Teck\r\n\u00c9tat : En bon \u00e9tat vintage ; en bas \u00e0 droite, on remarque un petit d\u00e9faut, comme visible sur la photo.\nDesigner : Inconnu\n\nDimensions\nHauteur : 68 cm\nLargeur : 80 cm\nProfondeur : 44 cm\r\n\r\n<em>Num\u00e9ro d'article : 211550<\/em>","protected":false},"featured_media":19785,"template":"","meta":{"_acf_changed":false},"product_brand":[],"product_cat":[103],"product_tag":[],"class_list":["post-19784","product","type-product","status-publish","has-post-thumbnail","product_cat-archief","product_shipping_class-koerier","first","outofstock","shipping-taxable","product-type-simple"],"composite_virtual":false,"composite_layout":"","composite_add_to_cart_form_location":"","composite_editable_in_cart":false,"composite_sold_individually_context":"","composite_shop_price_calc":"","composite_components":[],"composite_scenarios":[],"exclude_global_add_ons":[],"addons":[],"acf":[],"yoast_head":null,"yoast_head_json":null,"_links":{"self":[{"href":"https:\/\/www.charmig.nl\/fr\/wp-json\/wp\/v2\/product\/19784","targetHints":{"allow":["GET"]}}],"collection":[{"href":"https:\/\/www.charmig.nl\/fr\/wp-json\/wp\/v2\/product"}],"about":[{"href":"https:\/\/www.charmig.nl\/fr\/wp-json\/wp\/v2\/types\/product"}],"wp:featuredmedia":[{"embeddable":true,"href":"https:\/\/www.charmig.nl\/fr\/wp-json\/wp\/v2\/media\/19785"}],"wp:attachment":[{"href":"https:\/\/www.charmig.nl\/fr\/wp-json\/wp\/v2\/media?parent=19784"}],"wp:term":[{"taxonomy":"product_brand","embeddable":true,"href":"https:\/\/www.charmig.nl\/fr\/wp-json\/wp\/v2\/product_brand?post=19784"},{"taxonomy":"product_cat","embeddable":true,"href":"https:\/\/www.charmig.nl\/fr\/wp-json\/wp\/v2\/product_cat?post=19784"},{"taxonomy":"product_tag","embeddable":true,"href":"https:\/\/www.charmig.nl\/fr\/wp-json\/wp\/v2\/product_tag?post=19784"}],"curies":[{"name":"wp","href":"https:\/\/api.w.org\/{rel}","templated":true}]}}