{"id":19913,"date":"2025-03-20T14:12:16","date_gmt":"2025-03-20T13:12:16","guid":{"rendered":"https:\/\/www.charmig.nl\/?post_type=product&#038;p=19913"},"modified":"2026-06-05T15:37:57","modified_gmt":"2026-06-05T13:37:57","slug":"vintage-bank-elementen-bank-leer-bruin","status":"publish","type":"product","link":"https:\/\/www.charmig.nl\/fr\/product\/archief\/vintage-bank-elementen-bank-leer-bruin\/","title":{"rendered":"Canap\u00e9 vintage | Canap\u00e9 \u00e9l\u00e9ments | Cuir | Marron"},"content":{"rendered":"","protected":false},"excerpt":{"rendered":"Magnifique canap\u00e9 modulaire vintage des ann\u00e9es 70, en cuir marron avec un motif patchwork. L'ensemble se compose au total de 3 \u00e9l\u00e9ments qui peuvent \u00e9galement \u00eatre dispos\u00e9s s\u00e9par\u00e9ment. L'un des grands avantages est que le canap\u00e9 peut \u00eatre agenc\u00e9 de diff\u00e9rentes mani\u00e8res. L'ensemble se compose d'un \u00e9l\u00e9ment central et de deux \u00e9l\u00e9ments d'angle. Le canap\u00e9 est en \u00e9tat vintage et offre un bon confort d'assise. Un canap\u00e9 parfait pour un \u00ab man cave \u00bb, par exemple !\n\nP\u00e9riode de conception : ann\u00e9es 1970\r\nStyle : Vintage, Mid-century modern\nMat\u00e9riau : Cuir\n\u00c9tat : \u00c9tat vintage, le cuir pr\u00e9sente des traces d\u2019usure. On remarque quelques traces d\u2019utilisation au niveau des angles.\n\nDimensions, les 3 \u00e9l\u00e9ments plac\u00e9s c\u00f4te \u00e0 c\u00f4te :\nHauteur : 70 cm\r\nLargeur : 235 cm\nProfondeur : 87 cm\nHauteur d'assise : 37 cm\nProfondeur d'assise : 56 cm\n\nLes articles en promotion \u00ab Summer Sale \u00bb ne peuvent pas \u00eatre retourn\u00e9s.\r\n\r\n<em>Num\u00e9ro d'article : 211564<\/em>","protected":false},"featured_media":19914,"template":"","meta":{"_acf_changed":false},"product_brand":[],"product_cat":[103],"product_tag":[],"class_list":["post-19913","product","type-product","status-publish","has-post-thumbnail","product_cat-archief","product_shipping_class-koerier","first","outofstock","shipping-taxable","purchasable","product-type-simple"],"composite_virtual":false,"composite_layout":"","composite_add_to_cart_form_location":"","composite_editable_in_cart":false,"composite_sold_individually_context":"","composite_shop_price_calc":"","composite_components":[],"composite_scenarios":[],"exclude_global_add_ons":[],"addons":[],"acf":[],"yoast_head":null,"yoast_head_json":null,"_links":{"self":[{"href":"https:\/\/www.charmig.nl\/fr\/wp-json\/wp\/v2\/product\/19913","targetHints":{"allow":["GET"]}}],"collection":[{"href":"https:\/\/www.charmig.nl\/fr\/wp-json\/wp\/v2\/product"}],"about":[{"href":"https:\/\/www.charmig.nl\/fr\/wp-json\/wp\/v2\/types\/product"}],"wp:featuredmedia":[{"embeddable":true,"href":"https:\/\/www.charmig.nl\/fr\/wp-json\/wp\/v2\/media\/19914"}],"wp:attachment":[{"href":"https:\/\/www.charmig.nl\/fr\/wp-json\/wp\/v2\/media?parent=19913"}],"wp:term":[{"taxonomy":"product_brand","embeddable":true,"href":"https:\/\/www.charmig.nl\/fr\/wp-json\/wp\/v2\/product_brand?post=19913"},{"taxonomy":"product_cat","embeddable":true,"href":"https:\/\/www.charmig.nl\/fr\/wp-json\/wp\/v2\/product_cat?post=19913"},{"taxonomy":"product_tag","embeddable":true,"href":"https:\/\/www.charmig.nl\/fr\/wp-json\/wp\/v2\/product_tag?post=19913"}],"curies":[{"name":"wp","href":"https:\/\/api.w.org\/{rel}","templated":true}]}}