{"id":19936,"date":"2025-03-20T14:34:07","date_gmt":"2025-03-20T13:34:07","guid":{"rendered":"https:\/\/www.charmig.nl\/?post_type=product&#038;p=19936"},"modified":"2026-06-05T15:37:57","modified_gmt":"2026-06-05T13:37:57","slug":"vintage-bankstel-4-zits-2-fauteuils-retro-stof","status":"publish","type":"product","link":"https:\/\/www.charmig.nl\/fr\/product\/archief\/vintage-bankstel-4-zits-2-fauteuils-retro-stof\/","title":{"rendered":"Ensemble canap\u00e9 vintage | 4 places | 2 fauteuils | Tissu r\u00e9tro"},"content":{"rendered":"","protected":false},"excerpt":{"rendered":"Voici un superbe ensemble pour votre salon ! Ce coin salon vintage se compose d'un canap\u00e9 4 places et de 2 fauteuils. Le canap\u00e9 est compos\u00e9 de 4 \u00e9l\u00e9ments s\u00e9par\u00e9s, ce qui vous permet de l'agencer comme vous le souhaitez. Les \u00e9l\u00e9ments peuvent \u00e9galement \u00eatre utilis\u00e9s s\u00e9par\u00e9ment. Les fauteuils et le canap\u00e9 vintage sont non seulement superbes, mais aussi tr\u00e8s confortables !\r\n\r\nL'ensemble est recouvert d'un magnifique tissu en laine r\u00e9tro, orn\u00e9 de rayures de diff\u00e9rentes tailles et couleurs. Le pi\u00e8tement est en bois. L'assise peut \u00eatre retir\u00e9e du cadre, ce qui rend ce canap\u00e9 facile \u00e0 transporter et lui permet de passer par presque tous les couloirs et escaliers.\n\nP\u00e9riode de conception : ann\u00e9es 1970\r\nStyle : Vintage, Mid-century modern \nMat\u00e9riau : Tissu en laine m\u00e9lang\u00e9e beige avec des rayures marron fonc\u00e9\n\u00c9tat : En tr\u00e8s bon \u00e9tat vintage\r\n\r\nDimensions :\nFauteuils : \nLargeur : 86 cm\nHauteur : 75 cm\nProfondeur : 91 cm\nHauteur d'assise : 40 cm\r\n\r\nCanap\u00e9 4 places\nLargeur : 284 cm, dont 1 partie de 71 cm\nProfondeur : 91 cm\nHauteur : 75 cm\nHauteur d'assise : 39 cm\n\nLes articles de la promotion d'\u00e9t\u00e9 ne peuvent pas \u00eatre retourn\u00e9s\r\n\r\n<em>Num\u00e9ro d'article : 211566<\/em>","protected":false},"featured_media":19943,"template":"","meta":{"_acf_changed":false},"product_brand":[],"product_cat":[103],"product_tag":[],"class_list":["post-19936","product","type-product","status-publish","has-post-thumbnail","product_cat-archief","product_shipping_class-koerier","first","outofstock","sale","shipping-taxable","purchasable","product-type-simple"],"composite_virtual":false,"composite_layout":"","composite_add_to_cart_form_location":"","composite_editable_in_cart":false,"composite_sold_individually_context":"","composite_shop_price_calc":"","composite_components":[],"composite_scenarios":[],"exclude_global_add_ons":[],"addons":[],"acf":[],"yoast_head":null,"yoast_head_json":null,"_links":{"self":[{"href":"https:\/\/www.charmig.nl\/fr\/wp-json\/wp\/v2\/product\/19936","targetHints":{"allow":["GET"]}}],"collection":[{"href":"https:\/\/www.charmig.nl\/fr\/wp-json\/wp\/v2\/product"}],"about":[{"href":"https:\/\/www.charmig.nl\/fr\/wp-json\/wp\/v2\/types\/product"}],"wp:featuredmedia":[{"embeddable":true,"href":"https:\/\/www.charmig.nl\/fr\/wp-json\/wp\/v2\/media\/19943"}],"wp:attachment":[{"href":"https:\/\/www.charmig.nl\/fr\/wp-json\/wp\/v2\/media?parent=19936"}],"wp:term":[{"taxonomy":"product_brand","embeddable":true,"href":"https:\/\/www.charmig.nl\/fr\/wp-json\/wp\/v2\/product_brand?post=19936"},{"taxonomy":"product_cat","embeddable":true,"href":"https:\/\/www.charmig.nl\/fr\/wp-json\/wp\/v2\/product_cat?post=19936"},{"taxonomy":"product_tag","embeddable":true,"href":"https:\/\/www.charmig.nl\/fr\/wp-json\/wp\/v2\/product_tag?post=19936"}],"curies":[{"name":"wp","href":"https:\/\/api.w.org\/{rel}","templated":true}]}}