{"id":20019,"date":"2025-03-24T13:25:56","date_gmt":"2025-03-24T12:25:56","guid":{"rendered":"https:\/\/www.charmig.nl\/?post_type=product&#038;p=20019"},"modified":"2026-06-05T15:37:58","modified_gmt":"2026-06-05T13:37:58","slug":"vintage-zithoek-3-zits-en-fauteuil-king-sofa-leer","status":"publish","type":"product","link":"https:\/\/www.charmig.nl\/fr\/product\/archief\/vintage-zithoek-3-zits-en-fauteuil-king-sofa-leer\/","title":{"rendered":"Coin salon vintage | 3 places et fauteuil | Canap\u00e9 King | Cuir"},"content":{"rendered":"","protected":false},"excerpt":{"rendered":"Ce coin salon vintage en cuir, mod\u00e8le \u2018 king \u2019, a \u00e9t\u00e9 fabriqu\u00e9 en Suisse par Str\u00e4ssle International. Il se compose d'un canap\u00e9 3 places et d'un fauteuil, tous deux tr\u00e8s confortables. Le canap\u00e9 vintage a \u00e9t\u00e9 con\u00e7u par Andr\u00e9 Vandenbeuck. L'ensemble est rev\u00eatu d'un magnifique cuir marron. Les accoudoirs sont en bois et le pi\u00e8tement en m\u00e9tal. Cette combinaison de mat\u00e9riaux conf\u00e8re au canap\u00e9 et au fauteuil un cachet exceptionnel. Un superbe design alli\u00e9 \u00e0 un grand confort d'assise !\r\n\r\nP\u00e9riode de conception : 1970-1980\nStyle : Vintage \u2013 r\u00e9tro\nMat\u00e9riaux : Cuir, m\u00e9tal, bois\n\u00c9tat : En bon \u00e9tat vintage. Le cuir pr\u00e9sente quelques traces d'usure.\r\n\r\nDimensions :\n\nCanap\u00e9 3 places\nLargeur : 198 cm\nProfondeur : 64 cm\nHauteur : 75 cm\nHauteur d'assise : 39 cm\nProfondeur d'assise : 52 cm\r\n\r\nFauteuil :\nLargeur : 81 cm\nProfondeur : 88 cm\nHauteur : 79 cm\nHauteur d'assise : 39 cm\nProfondeur d'assise : 52 cm\r\n\r\n<em>Num\u00e9ro d'article : 211569<\/em>","protected":false},"featured_media":20021,"template":"","meta":{"_acf_changed":false},"product_brand":[],"product_cat":[103],"product_tag":[],"class_list":["post-20019","product","type-product","status-publish","has-post-thumbnail","product_cat-archief","product_shipping_class-koerier","first","outofstock","shipping-taxable","purchasable","product-type-simple"],"composite_virtual":false,"composite_layout":"","composite_add_to_cart_form_location":"","composite_editable_in_cart":false,"composite_sold_individually_context":"","composite_shop_price_calc":"","composite_components":[],"composite_scenarios":[],"exclude_global_add_ons":[],"addons":[],"acf":[],"yoast_head":null,"yoast_head_json":null,"_links":{"self":[{"href":"https:\/\/www.charmig.nl\/fr\/wp-json\/wp\/v2\/product\/20019","targetHints":{"allow":["GET"]}}],"collection":[{"href":"https:\/\/www.charmig.nl\/fr\/wp-json\/wp\/v2\/product"}],"about":[{"href":"https:\/\/www.charmig.nl\/fr\/wp-json\/wp\/v2\/types\/product"}],"wp:featuredmedia":[{"embeddable":true,"href":"https:\/\/www.charmig.nl\/fr\/wp-json\/wp\/v2\/media\/20021"}],"wp:attachment":[{"href":"https:\/\/www.charmig.nl\/fr\/wp-json\/wp\/v2\/media?parent=20019"}],"wp:term":[{"taxonomy":"product_brand","embeddable":true,"href":"https:\/\/www.charmig.nl\/fr\/wp-json\/wp\/v2\/product_brand?post=20019"},{"taxonomy":"product_cat","embeddable":true,"href":"https:\/\/www.charmig.nl\/fr\/wp-json\/wp\/v2\/product_cat?post=20019"},{"taxonomy":"product_tag","embeddable":true,"href":"https:\/\/www.charmig.nl\/fr\/wp-json\/wp\/v2\/product_tag?post=20019"}],"curies":[{"name":"wp","href":"https:\/\/api.w.org\/{rel}","templated":true}]}}