{"id":20047,"date":"2025-03-24T13:55:02","date_gmt":"2025-03-24T12:55:02","guid":{"rendered":"https:\/\/www.charmig.nl\/?post_type=product&#038;p=20047"},"modified":"2026-04-23T09:36:53","modified_gmt":"2026-04-23T07:36:53","slug":"vintage-elementen-bank-modulair-ruit","status":"publish","type":"product","link":"https:\/\/www.charmig.nl\/fr\/produit\/archives\/vintage-elementen-bank-modulair-ruit\/","title":{"rendered":"Canap\u00e9 \u00e9l\u00e9ments vintage | Modulaire | Carr\u00e9"},"content":{"rendered":"","protected":false},"excerpt":{"rendered":"Quelle audace que ce canap\u00e9 modulaire vintage ! Le canap\u00e9 est fait d'une belle couleur rouille surmont\u00e9e de coussins dans un motif \u00e0 carreaux fou en rouge, vert et rose tr\u00e8s clair. Ce canap\u00e9 vintage se compose de 4 \u00e9l\u00e9ments distincts, qui peuvent \u00eatre attach\u00e9s les uns aux autres. Le canap\u00e9 peut \u00eatre plac\u00e9 dans diff\u00e9rentes dispositions, comme un canap\u00e9 4 places, un canap\u00e9 3 places avec 1 chaise libre ou un canap\u00e9 2 places avec 2 chaises libres. Placez le canap\u00e9 de la mani\u00e8re qui vous convient le mieux ! Les accoudoirs peuvent \u00eatre facilement retir\u00e9s pour les laisser \u00e0 l'air libre ou pour les placer sur un autre \u00e9l\u00e9ment. Les coussins peuvent \u00eatre fix\u00e9s au cadre \u00e0 l'aide d'un bouton-pression. Les coussins restent ainsi bien en place sur le canap\u00e9. Ce canap\u00e9 ajoute une atmosph\u00e8re r\u00e9tro \u00e0 votre int\u00e9rieur et est incroyablement confortable.\r\n\r\nP\u00e9riode de conception : 1970\r\nStyle : Vintage, Mid-century modern\r\nMat\u00e9riau : Tissu\r\nCondition : En bon \u00e9tat, avec de l\u00e9g\u00e8res traces d'utilisation correspondant \u00e0 l'\u00e2ge du canap\u00e9.\r\n\r\nDimensions du canap\u00e9 :\r\nHauteur : 67 cm\r\nLargeur 4 \u00e9l\u00e9ments : 310 cm\r\nLargeur de l'\u00e9l\u00e9ment sans accoudoirs : 72 cm\r\nLargeur de l'\u00e9l\u00e9ment avec 1 accoudoir : 83 cm\r\nProfondeur : 86 cm\r\nHauteur de l'assise : 36 cm\r\n\r\nLes articles des soldes d'\u00e9t\u00e9 ne peuvent pas \u00eatre retourn\u00e9s.\r\n\r\n<em>Num\u00e9ro d'article : 211570<\/em>","protected":false},"featured_media":20061,"template":"","meta":{"_acf_changed":false},"product_brand":[],"product_cat":[103],"product_tag":[],"class_list":{"0":"post-20047","1":"product","2":"type-product","3":"status-publish","4":"has-post-thumbnail","6":"product_cat-archief","7":"product_shipping_class-koerier","9":"first","10":"outofstock","11":"sale","12":"shipping-taxable","13":"purchasable","14":"product-type-simple"},"composite_virtual":false,"composite_layout":"","composite_add_to_cart_form_location":"","composite_editable_in_cart":false,"composite_sold_individually_context":"","composite_shop_price_calc":"","composite_components":[],"composite_scenarios":[],"exclude_global_add_ons":[],"addons":[],"acf":[],"yoast_head":null,"yoast_head_json":null,"_links":{"self":[{"href":"https:\/\/www.charmig.nl\/fr\/wp-json\/wp\/v2\/product\/20047","targetHints":{"allow":["GET"]}}],"collection":[{"href":"https:\/\/www.charmig.nl\/fr\/wp-json\/wp\/v2\/product"}],"about":[{"href":"https:\/\/www.charmig.nl\/fr\/wp-json\/wp\/v2\/types\/product"}],"wp:featuredmedia":[{"embeddable":true,"href":"https:\/\/www.charmig.nl\/fr\/wp-json\/wp\/v2\/media\/20061"}],"wp:attachment":[{"href":"https:\/\/www.charmig.nl\/fr\/wp-json\/wp\/v2\/media?parent=20047"}],"wp:term":[{"taxonomy":"product_brand","embeddable":true,"href":"https:\/\/www.charmig.nl\/fr\/wp-json\/wp\/v2\/product_brand?post=20047"},{"taxonomy":"product_cat","embeddable":true,"href":"https:\/\/www.charmig.nl\/fr\/wp-json\/wp\/v2\/product_cat?post=20047"},{"taxonomy":"product_tag","embeddable":true,"href":"https:\/\/www.charmig.nl\/fr\/wp-json\/wp\/v2\/product_tag?post=20047"}],"curies":[{"name":"wp","href":"https:\/\/api.w.org\/{rel}","templated":true}]}}