{"id":20759,"date":"2025-05-29T14:02:35","date_gmt":"2025-05-29T12:02:35","guid":{"rendered":"https:\/\/www.charmig.nl\/?post_type=product&#038;p=20759"},"modified":"2026-06-05T15:38:06","modified_gmt":"2026-06-05T13:38:06","slug":"vintage-teak-dressoir-deens-design-boekenkast-160-cm","status":"publish","type":"product","link":"https:\/\/www.charmig.nl\/fr\/product\/archief\/vintage-teak-dressoir-deens-design-boekenkast-160-cm\/","title":{"rendered":"Buffet vintage en teck | Design danois | Biblioth\u00e8que | 160 cm"},"content":{"rendered":"","protected":false},"excerpt":{"rendered":"Magnifique buffet vintage des ann\u00e9es 60, au design \u00e9pur\u00e9 et intemporel.\r\n\r\nCe meuble vintage peut \u00eatre utilis\u00e9 \u00e0 diverses fins. Sur le c\u00f4t\u00e9 gauche, vous trouverez une porte coulissante derri\u00e8re laquelle se cache une \u00e9tag\u00e8re r\u00e9glable, id\u00e9ale pour ranger vos affaires de mani\u00e8re ordonn\u00e9e. \u00c0 droite, le meuble dispose d\u2019une \u00e9tag\u00e8re ouverte, parfaite pour y disposer des livres ou des objets d\u00e9coratifs.\r\n\r\nLa couleur chaude du bois et le design minimaliste lui conf\u00e8rent un charme particulier qui s'int\u00e8gre parfaitement dans diff\u00e9rents int\u00e9rieurs. Gr\u00e2ce \u00e0 ses dimensions pratiques, ce buffet peut \u00e9galement tr\u00e8s bien servir de meuble TV vintage.\n\nP\u00e9riode de conception : 1950-1960\r\nStyle : Mid-century modern, design scandinave\nMat\u00e9riau : teck\n\u00c9tat : en bon \u00e9tat vintage\n\nDimensions :\nLargeur : 160 cm\nHauteur : 77 cm\nProfondeur : 35 cm\r\n\r\n<em>Num\u00e9ro d'article : 211630<\/em>","protected":false},"featured_media":20762,"template":"","meta":{"_acf_changed":false},"product_brand":[],"product_cat":[103],"product_tag":[],"class_list":["post-20759","product","type-product","status-publish","has-post-thumbnail","product_cat-archief","product_shipping_class-koerier","first","outofstock","shipping-taxable","purchasable","product-type-simple"],"composite_virtual":false,"composite_layout":"","composite_add_to_cart_form_location":"","composite_editable_in_cart":false,"composite_sold_individually_context":"","composite_shop_price_calc":"","composite_components":[],"composite_scenarios":[],"exclude_global_add_ons":[],"addons":[],"acf":[],"yoast_head":null,"yoast_head_json":null,"_links":{"self":[{"href":"https:\/\/www.charmig.nl\/fr\/wp-json\/wp\/v2\/product\/20759","targetHints":{"allow":["GET"]}}],"collection":[{"href":"https:\/\/www.charmig.nl\/fr\/wp-json\/wp\/v2\/product"}],"about":[{"href":"https:\/\/www.charmig.nl\/fr\/wp-json\/wp\/v2\/types\/product"}],"wp:featuredmedia":[{"embeddable":true,"href":"https:\/\/www.charmig.nl\/fr\/wp-json\/wp\/v2\/media\/20762"}],"wp:attachment":[{"href":"https:\/\/www.charmig.nl\/fr\/wp-json\/wp\/v2\/media?parent=20759"}],"wp:term":[{"taxonomy":"product_brand","embeddable":true,"href":"https:\/\/www.charmig.nl\/fr\/wp-json\/wp\/v2\/product_brand?post=20759"},{"taxonomy":"product_cat","embeddable":true,"href":"https:\/\/www.charmig.nl\/fr\/wp-json\/wp\/v2\/product_cat?post=20759"},{"taxonomy":"product_tag","embeddable":true,"href":"https:\/\/www.charmig.nl\/fr\/wp-json\/wp\/v2\/product_tag?post=20759"}],"curies":[{"name":"wp","href":"https:\/\/api.w.org\/{rel}","templated":true}]}}