{"id":20782,"date":"2025-05-30T14:22:16","date_gmt":"2025-05-30T12:22:16","guid":{"rendered":"https:\/\/www.charmig.nl\/?post_type=product&#038;p=20782"},"modified":"2026-04-23T09:37:01","modified_gmt":"2026-04-23T07:37:01","slug":"vintage-deense-ladekast-teak-6-lades-122-cm-3","status":"publish","type":"product","link":"https:\/\/www.charmig.nl\/fr\/produit\/archives\/vintage-deense-ladekast-teak-6-lades-122-cm-3\/","title":{"rendered":"Commode danoise vintage | Teck | 6 tiroirs | 122 cm"},"content":{"rendered":"","protected":false},"excerpt":{"rendered":"Cette magnifique commode vintage danoise attire tous les regards dans n'importe quel int\u00e9rieur. Le design intemporel et la belle finition de tous les d\u00e9tails conf\u00e8rent \u00e0 l'armoire un aspect chaleureux et atmosph\u00e9rique. Le riche bois de teck, associ\u00e9 aux poign\u00e9es raffin\u00e9es, cr\u00e9e un look \u00e9l\u00e9gant et plein de caract\u00e8re. Avec pas moins de six tiroirs spacieux, cette armoire offre beaucoup d'espace pour ranger vos affaires avec style.\r\n\r\nP\u00e9riode de cr\u00e9ation : 1950 - 1960\r\nStyle : Moderne du milieu du si\u00e8cle - Design danois - Design scandinave\r\nMat\u00e9riau : Teck\r\n\u00c9tat : En bon \u00e9tat\r\nDesigner : Klaus Ekholm\r\n\r\nLes dimensions\r\nHauteur : 122 cm\r\nLargeur : 82 cm\r\nProfondeur : 44 cm\r\n\r\n<em>Num\u00e9ro d'article : 211597<\/em>","protected":false},"featured_media":20783,"template":"","meta":{"_acf_changed":false},"product_brand":[],"product_cat":[103],"product_tag":[],"class_list":{"0":"post-20782","1":"product","2":"type-product","3":"status-publish","4":"has-post-thumbnail","6":"product_cat-archief","7":"product_shipping_class-koerier","9":"first","10":"outofstock","11":"shipping-taxable","12":"purchasable","13":"product-type-simple"},"composite_virtual":false,"composite_layout":"","composite_add_to_cart_form_location":"","composite_editable_in_cart":false,"composite_sold_individually_context":"","composite_shop_price_calc":"","composite_components":[],"composite_scenarios":[],"exclude_global_add_ons":[],"addons":[],"acf":[],"yoast_head":null,"yoast_head_json":null,"_links":{"self":[{"href":"https:\/\/www.charmig.nl\/fr\/wp-json\/wp\/v2\/product\/20782","targetHints":{"allow":["GET"]}}],"collection":[{"href":"https:\/\/www.charmig.nl\/fr\/wp-json\/wp\/v2\/product"}],"about":[{"href":"https:\/\/www.charmig.nl\/fr\/wp-json\/wp\/v2\/types\/product"}],"wp:featuredmedia":[{"embeddable":true,"href":"https:\/\/www.charmig.nl\/fr\/wp-json\/wp\/v2\/media\/20783"}],"wp:attachment":[{"href":"https:\/\/www.charmig.nl\/fr\/wp-json\/wp\/v2\/media?parent=20782"}],"wp:term":[{"taxonomy":"product_brand","embeddable":true,"href":"https:\/\/www.charmig.nl\/fr\/wp-json\/wp\/v2\/product_brand?post=20782"},{"taxonomy":"product_cat","embeddable":true,"href":"https:\/\/www.charmig.nl\/fr\/wp-json\/wp\/v2\/product_cat?post=20782"},{"taxonomy":"product_tag","embeddable":true,"href":"https:\/\/www.charmig.nl\/fr\/wp-json\/wp\/v2\/product_tag?post=20782"}],"curies":[{"name":"wp","href":"https:\/\/api.w.org\/{rel}","templated":true}]}}