{"id":20917,"date":"2025-06-06T16:28:45","date_gmt":"2025-06-06T14:28:45","guid":{"rendered":"https:\/\/www.charmig.nl\/?post_type=product&#038;p=20917"},"modified":"2026-06-05T15:38:08","modified_gmt":"2026-06-05T13:38:08","slug":"vintage-ronde-eettafel-palissander-uitschuifbaar","status":"publish","type":"product","link":"https:\/\/www.charmig.nl\/fr\/product\/archief\/vintage-ronde-eettafel-palissander-uitschuifbaar\/","title":{"rendered":"Table de salle \u00e0 manger ronde vintage | Bois de rose | extensible"},"content":{"rendered":"","protected":false},"excerpt":{"rendered":"Cette table \u00e0 manger multifonctionnelle est extr\u00eamement pratique. En un clin d'\u0153il, vous pouvez transformer cette table ronde compacte en une grande table de plus de 220 centim\u00e8tres de long. Vous disposez ainsi de suffisamment de place pour accueillir plus de 10 personnes. Cette table vintage est \u00e9quip\u00e9e de 2 rallonges suppl\u00e9mentaires.\r\n\r\nEn bref, cette table \u00e0 manger vintage est parfaite pour les d\u00eeners improvis\u00e9s et les grands espaces. Elle allie fonctionnalit\u00e9 et superbe design.\n\nP\u00e9riode de conception : 1950-1960\nStyle : Mid-century modern, design scandinave\r\n\u00c9tat : En bon \u00e9tat vintage, la table conserve son vernis d\u2019origine avec des traces d\u2019usure correspondant \u00e0 l\u2019\u00e2ge du meuble\r\nPays d'origine : Danemark\n\nDimensions :\nDiam\u00e8tre : 125 cm\nD\u00e9ploy\u00e9e avec 1 rallonge : 175 cm\nD\u00e9ploy\u00e9e avec 2 rallonges : 225 cm\n\nHauteur : 72 cm\r\n\r\n<em>Num\u00e9ro d'article : 211643<\/em>","protected":false},"featured_media":20920,"template":"","meta":{"_acf_changed":false},"product_brand":[],"product_cat":[103],"product_tag":[],"class_list":["post-20917","product","type-product","status-publish","has-post-thumbnail","product_cat-archief","product_shipping_class-koerier","first","outofstock","shipping-taxable","purchasable","product-type-simple"],"composite_virtual":false,"composite_layout":"","composite_add_to_cart_form_location":"","composite_editable_in_cart":false,"composite_sold_individually_context":"","composite_shop_price_calc":"","composite_components":[],"composite_scenarios":[],"exclude_global_add_ons":[],"addons":[],"acf":[],"yoast_head":null,"yoast_head_json":null,"_links":{"self":[{"href":"https:\/\/www.charmig.nl\/fr\/wp-json\/wp\/v2\/product\/20917","targetHints":{"allow":["GET"]}}],"collection":[{"href":"https:\/\/www.charmig.nl\/fr\/wp-json\/wp\/v2\/product"}],"about":[{"href":"https:\/\/www.charmig.nl\/fr\/wp-json\/wp\/v2\/types\/product"}],"wp:featuredmedia":[{"embeddable":true,"href":"https:\/\/www.charmig.nl\/fr\/wp-json\/wp\/v2\/media\/20920"}],"wp:attachment":[{"href":"https:\/\/www.charmig.nl\/fr\/wp-json\/wp\/v2\/media?parent=20917"}],"wp:term":[{"taxonomy":"product_brand","embeddable":true,"href":"https:\/\/www.charmig.nl\/fr\/wp-json\/wp\/v2\/product_brand?post=20917"},{"taxonomy":"product_cat","embeddable":true,"href":"https:\/\/www.charmig.nl\/fr\/wp-json\/wp\/v2\/product_cat?post=20917"},{"taxonomy":"product_tag","embeddable":true,"href":"https:\/\/www.charmig.nl\/fr\/wp-json\/wp\/v2\/product_tag?post=20917"}],"curies":[{"name":"wp","href":"https:\/\/api.w.org\/{rel}","templated":true}]}}