{"id":22186,"date":"2025-09-05T12:36:04","date_gmt":"2025-09-05T10:36:04","guid":{"rendered":"https:\/\/www.charmig.nl\/?post_type=product&#038;p=22186"},"modified":"2026-06-05T15:38:17","modified_gmt":"2026-06-05T13:38:17","slug":"set-van-6-klapstoelen-arca-gigi-sabadin-voor-crassevig","status":"publish","type":"product","link":"https:\/\/www.charmig.nl\/fr\/product\/archief\/set-van-6-klapstoelen-arca-gigi-sabadin-voor-crassevig\/","title":{"rendered":"Ensemble de 6 chaises pliantes | Arca | Gigi Sabadin pour Crassevig |."},"content":{"rendered":"","protected":false},"excerpt":{"rendered":"Chaises pliantes italiennes vintage des ann\u00e9es 70 \u2013 mod\u00e8le \u2019 Arca \u2018 de Gigi Sabadin pour Crassevig\r\nUn magnifique exemple du design italien des ann\u00e9es 70. Ce mod\u00e8le, dot\u00e9 d\u2019une \u00e9l\u00e9gante assise en sangles, a \u00e9t\u00e9 s\u00e9lectionn\u00e9 en 1979 pour figurer au panth\u00e9on du prestigieux Compasso d\u2019Oro \u2013 et est depuis consid\u00e9r\u00e9 comme un v\u00e9ritable classique du design.\r\nLes chaises sont en bon \u00e9tat vintage, avec des traces d\u2019usure normales.\n\nP\u00e9riode de conception : ann\u00e9es 1960\nStyle : Mid-century modern \u2013 design italien\nMat\u00e9riaux : ch\u00eane, sangles\r\n\u00c9tat : En bon \u00e9tat vintage, une chaise pr\u00e9sente une petite tache au niveau du tissage (voir photos)\nMarque : Gigi Sabadin pour Crassevig\n\nDimensions :\nLargeur : 49 cm\r\nProfondeur : 49 cm\nHauteur : 77 cm\nHauteur d'assise : 45 cm\n\nR\u00e9f\u00e9rence : 211718","protected":false},"featured_media":22188,"template":"","meta":{"_acf_changed":false},"product_brand":[],"product_cat":[103],"product_tag":[],"class_list":["post-22186","product","type-product","status-publish","has-post-thumbnail","product_cat-archief","product_shipping_class-koerier","first","outofstock","sale","shipping-taxable","purchasable","product-type-simple"],"composite_virtual":false,"composite_layout":"","composite_add_to_cart_form_location":"","composite_editable_in_cart":false,"composite_sold_individually_context":"","composite_shop_price_calc":"","composite_components":[],"composite_scenarios":[],"exclude_global_add_ons":[],"addons":[],"acf":[],"yoast_head":null,"yoast_head_json":null,"_links":{"self":[{"href":"https:\/\/www.charmig.nl\/fr\/wp-json\/wp\/v2\/product\/22186","targetHints":{"allow":["GET"]}}],"collection":[{"href":"https:\/\/www.charmig.nl\/fr\/wp-json\/wp\/v2\/product"}],"about":[{"href":"https:\/\/www.charmig.nl\/fr\/wp-json\/wp\/v2\/types\/product"}],"wp:featuredmedia":[{"embeddable":true,"href":"https:\/\/www.charmig.nl\/fr\/wp-json\/wp\/v2\/media\/22188"}],"wp:attachment":[{"href":"https:\/\/www.charmig.nl\/fr\/wp-json\/wp\/v2\/media?parent=22186"}],"wp:term":[{"taxonomy":"product_brand","embeddable":true,"href":"https:\/\/www.charmig.nl\/fr\/wp-json\/wp\/v2\/product_brand?post=22186"},{"taxonomy":"product_cat","embeddable":true,"href":"https:\/\/www.charmig.nl\/fr\/wp-json\/wp\/v2\/product_cat?post=22186"},{"taxonomy":"product_tag","embeddable":true,"href":"https:\/\/www.charmig.nl\/fr\/wp-json\/wp\/v2\/product_tag?post=22186"}],"curies":[{"name":"wp","href":"https:\/\/api.w.org\/{rel}","templated":true}]}}