{"id":23680,"date":"2025-12-08T12:09:25","date_gmt":"2025-12-08T11:09:25","guid":{"rendered":"https:\/\/www.charmig.nl\/?post_type=product&#038;p=23680"},"modified":"2026-04-23T09:37:29","modified_gmt":"2026-04-23T07:37:29","slug":"set-van-2-vintage-lounge-fauteuils-eiken-leer-deens","status":"publish","type":"product","link":"https:\/\/www.charmig.nl\/fr\/produit\/archives\/set-van-2-vintage-lounge-fauteuils-eiken-leer-deens\/","title":{"rendered":"Ensemble de 2 fauteuils de salon vintage | Ch\u00eane | Cuir | Danois"},"content":{"rendered":"","protected":false},"excerpt":{"rendered":"Ces fauteuils de salon vintage allient caract\u00e8re et confort dans un design unique. Le rev\u00eatement en cuir int\u00e9gral a acquis une belle patine au fil des ans. Les sangles en cuir \u00e0 l'ext\u00e9rieur donnent aux fauteuils un aspect particulier et soulignent la qualit\u00e9 de l'artisanat. Gr\u00e2ce \u00e0 leur solide base en bois et \u00e0 leurs coussins moelleux, ces chaises s'assoient merveilleusement bien. Elles attirent l'attention avec style dans tous les int\u00e9rieurs o\u00f9 l'on aime le design authentique.\r\n\r\nP\u00e9riode de conception : ann\u00e9es 1960\r\nStyle : Vintage, Mid-century modern\r\nMat\u00e9riau : Ch\u00eane, cuir\r\n\u00c9tat : En bon \u00e9tat vintage\r\nDesigner : Inconnu\r\n\r\nDimensions : Largeur : 90 cm\r\nLargeur : 90 cm\r\nHauteur : 69 cm\r\nProfondeur : 76 cm\r\nHauteur du si\u00e8ge : 38 cm\r\n\r\nNum\u00e9ro d'article : 211801","protected":false},"featured_media":23683,"template":"","meta":{"_acf_changed":false},"product_brand":[],"product_cat":[103],"product_tag":[],"class_list":{"0":"post-23680","1":"product","2":"type-product","3":"status-publish","4":"has-post-thumbnail","6":"product_cat-archief","7":"product_shipping_class-koerier","9":"first","10":"outofstock","11":"shipping-taxable","12":"purchasable","13":"product-type-simple"},"composite_virtual":false,"composite_layout":"","composite_add_to_cart_form_location":"","composite_editable_in_cart":false,"composite_sold_individually_context":"","composite_shop_price_calc":"","composite_components":[],"composite_scenarios":[],"exclude_global_add_ons":[],"addons":[],"acf":[],"yoast_head":null,"yoast_head_json":null,"_links":{"self":[{"href":"https:\/\/www.charmig.nl\/fr\/wp-json\/wp\/v2\/product\/23680","targetHints":{"allow":["GET"]}}],"collection":[{"href":"https:\/\/www.charmig.nl\/fr\/wp-json\/wp\/v2\/product"}],"about":[{"href":"https:\/\/www.charmig.nl\/fr\/wp-json\/wp\/v2\/types\/product"}],"wp:featuredmedia":[{"embeddable":true,"href":"https:\/\/www.charmig.nl\/fr\/wp-json\/wp\/v2\/media\/23683"}],"wp:attachment":[{"href":"https:\/\/www.charmig.nl\/fr\/wp-json\/wp\/v2\/media?parent=23680"}],"wp:term":[{"taxonomy":"product_brand","embeddable":true,"href":"https:\/\/www.charmig.nl\/fr\/wp-json\/wp\/v2\/product_brand?post=23680"},{"taxonomy":"product_cat","embeddable":true,"href":"https:\/\/www.charmig.nl\/fr\/wp-json\/wp\/v2\/product_cat?post=23680"},{"taxonomy":"product_tag","embeddable":true,"href":"https:\/\/www.charmig.nl\/fr\/wp-json\/wp\/v2\/product_tag?post=23680"}],"curies":[{"name":"wp","href":"https:\/\/api.w.org\/{rel}","templated":true}]}}