{"id":23792,"date":"2025-12-09T12:30:26","date_gmt":"2025-12-09T11:30:26","guid":{"rendered":"https:\/\/www.charmig.nl\/?post_type=product&#038;p=23792"},"modified":"2026-04-23T09:37:31","modified_gmt":"2026-04-23T07:37:31","slug":"vintage-salontafel-teak-deens-3","status":"publish","type":"product","link":"https:\/\/www.charmig.nl\/fr\/produit\/meubles\/tableaux\/tables-basses\/vintage-salontafel-teak-deens-3\/","title":{"rendered":"Table basse vintage | Teck | Danois"},"content":{"rendered":"","protected":false},"excerpt":{"rendered":"Cette table basse vintage en teck respire la simplicit\u00e9 scandinave, avec un design intemporel qui trouve sa place dans n'importe quelle pi\u00e8ce. L'\u00e9tag\u00e8re inf\u00e9rieure pratique permet de ranger des magazines ou des livres. Une pi\u00e8ce \u00e9l\u00e9gante et fonctionnelle qui ajoute de la chaleur \u00e0 votre int\u00e9rieur.\r\n\r\nP\u00e9riode de cr\u00e9ation : 1950-1960\r\nStyle : moderne du milieu du si\u00e8cle, design scandinave\r\nMat\u00e9riau : teck\r\n\u00c9tat : En bon \u00e9tat vintage\r\nMarque : inconnue\r\n\r\nDimensions de l'objet :\r\nHauteur : 55 cm\r\nLargeur : 54 cm\r\nProfondeur : 107 cm\r\n\r\nNum\u00e9ro d'article : 211789","protected":false},"featured_media":23795,"template":"","meta":{"_acf_changed":false},"product_brand":[],"product_cat":[154],"product_tag":[],"class_list":{"0":"post-23792","1":"product","2":"type-product","3":"status-publish","4":"has-post-thumbnail","6":"product_cat-salontafels","7":"product_shipping_class-koerier","9":"first","10":"instock","11":"shipping-taxable","12":"purchasable","13":"product-type-simple"},"composite_virtual":false,"composite_layout":"","composite_add_to_cart_form_location":"","composite_editable_in_cart":false,"composite_sold_individually_context":"","composite_shop_price_calc":"","composite_components":[],"composite_scenarios":[],"exclude_global_add_ons":[],"addons":[],"acf":[],"yoast_head":null,"yoast_head_json":null,"_links":{"self":[{"href":"https:\/\/www.charmig.nl\/fr\/wp-json\/wp\/v2\/product\/23792","targetHints":{"allow":["GET"]}}],"collection":[{"href":"https:\/\/www.charmig.nl\/fr\/wp-json\/wp\/v2\/product"}],"about":[{"href":"https:\/\/www.charmig.nl\/fr\/wp-json\/wp\/v2\/types\/product"}],"wp:featuredmedia":[{"embeddable":true,"href":"https:\/\/www.charmig.nl\/fr\/wp-json\/wp\/v2\/media\/23795"}],"wp:attachment":[{"href":"https:\/\/www.charmig.nl\/fr\/wp-json\/wp\/v2\/media?parent=23792"}],"wp:term":[{"taxonomy":"product_brand","embeddable":true,"href":"https:\/\/www.charmig.nl\/fr\/wp-json\/wp\/v2\/product_brand?post=23792"},{"taxonomy":"product_cat","embeddable":true,"href":"https:\/\/www.charmig.nl\/fr\/wp-json\/wp\/v2\/product_cat?post=23792"},{"taxonomy":"product_tag","embeddable":true,"href":"https:\/\/www.charmig.nl\/fr\/wp-json\/wp\/v2\/product_tag?post=23792"}],"curies":[{"name":"wp","href":"https:\/\/api.w.org\/{rel}","templated":true}]}}