{"id":23944,"date":"2025-12-22T12:11:53","date_gmt":"2025-12-22T11:11:53","guid":{"rendered":"https:\/\/www.charmig.nl\/?post_type=product&#038;p=23944"},"modified":"2026-06-21T12:17:24","modified_gmt":"2026-06-21T10:17:24","slug":"vintage-ronde-eettafel-teak-uitschuifbaar-104-cm-202-cm","status":"publish","type":"product","link":"https:\/\/www.charmig.nl\/fr\/product\/archief\/vintage-ronde-eettafel-teak-uitschuifbaar-104-cm-202-cm\/","title":{"rendered":"Table ronde vintage | Teck | extensible | 104 cm - 202 cm"},"content":{"rendered":"","protected":false},"excerpt":{"rendered":"Cette table \u00e0 manger vintage polyvalente est id\u00e9ale pour ceux qui recherchent \u00e0 la fois flexibilit\u00e9 et style. En configuration compacte, vous disposez d\u2019une table ronde \u00e9l\u00e9gante et peu encombrante, mais en quelques gestes simples, vous pouvez l\u2019agrandir pour en faire une table spacieuse de pas moins de 202 cm de long \u2013 parfaite pour les d\u00eeners en famille ou entre amis.\r\nSon design remonte aux ann\u00e9es 1950-1960 et s'inscrit dans le style tr\u00e8s appr\u00e9ci\u00e9 du \u00ab mid-century modern \u00bb, avec des influences \u00e9videntes du design scandinave. Les magnifiques bords incrust\u00e9s et la couleur chaleureuse du bois constituent les particularit\u00e9s de cette table.\r\n\r\nP\u00e9riode de conception : 1950-1960\nStyle : Mid-century modern, design scandinave\n\u00c9tat : \u00c9tat vintage, la table pr\u00e9sente des dommages au placage du plateau qui ont \u00e9t\u00e9 r\u00e9par\u00e9s (voir photos)\r\nPays d'origine : Danemark\n\nDimensions :\nDiam\u00e8tre : 104 cm\nD\u00e9ploy\u00e9e avec 1 rallonge : 153 cm\nD\u00e9ploy\u00e9e avec 2 rallonges : 202 cm\n\nHauteur : 73 cm\r\n\r\n<em>Num\u00e9ro d'article : 211820<\/em>","protected":false},"featured_media":23947,"template":"","meta":{"_acf_changed":false},"product_brand":[],"product_cat":[103],"product_tag":[],"class_list":["post-23944","product","type-product","status-publish","has-post-thumbnail","product_cat-archief","product_shipping_class-koerier","first","outofstock","shipping-taxable","product-type-simple"],"composite_virtual":false,"composite_layout":"","composite_add_to_cart_form_location":"","composite_editable_in_cart":false,"composite_sold_individually_context":"","composite_shop_price_calc":"","composite_components":[],"composite_scenarios":[],"exclude_global_add_ons":[],"addons":[],"acf":[],"yoast_head":null,"yoast_head_json":null,"_links":{"self":[{"href":"https:\/\/www.charmig.nl\/fr\/wp-json\/wp\/v2\/product\/23944","targetHints":{"allow":["GET"]}}],"collection":[{"href":"https:\/\/www.charmig.nl\/fr\/wp-json\/wp\/v2\/product"}],"about":[{"href":"https:\/\/www.charmig.nl\/fr\/wp-json\/wp\/v2\/types\/product"}],"wp:featuredmedia":[{"embeddable":true,"href":"https:\/\/www.charmig.nl\/fr\/wp-json\/wp\/v2\/media\/23947"}],"wp:attachment":[{"href":"https:\/\/www.charmig.nl\/fr\/wp-json\/wp\/v2\/media?parent=23944"}],"wp:term":[{"taxonomy":"product_brand","embeddable":true,"href":"https:\/\/www.charmig.nl\/fr\/wp-json\/wp\/v2\/product_brand?post=23944"},{"taxonomy":"product_cat","embeddable":true,"href":"https:\/\/www.charmig.nl\/fr\/wp-json\/wp\/v2\/product_cat?post=23944"},{"taxonomy":"product_tag","embeddable":true,"href":"https:\/\/www.charmig.nl\/fr\/wp-json\/wp\/v2\/product_tag?post=23944"}],"curies":[{"name":"wp","href":"https:\/\/api.w.org\/{rel}","templated":true}]}}