{"id":23987,"date":"2025-12-22T13:26:57","date_gmt":"2025-12-22T12:26:57","guid":{"rendered":"https:\/\/www.charmig.nl\/?post_type=product&#038;p=23987"},"modified":"2026-06-21T12:17:42","modified_gmt":"2026-06-21T10:17:42","slug":"vintage-bureau-deens-teak-mid-century-1960s-2","status":"publish","type":"product","link":"https:\/\/www.charmig.nl\/fr\/product\/archief\/vintage-bureau-deens-teak-mid-century-1960s-2\/","title":{"rendered":"Bureau vintage | Danois | Teck | Milieu de si\u00e8cle | 1960s"},"content":{"rendered":"","protected":false},"excerpt":{"rendered":"Ce bureau vintage des ann\u00e9es 60, originaire du Danemark, est id\u00e9al pour une chambre d'enfant ou un petit bureau gr\u00e2ce \u00e0 ses dimensions compactes. Il allie charme et fonctionnalit\u00e9, ce qui en fait le meuble parfait pour les devoirs ou les activit\u00e9s cr\u00e9atives ! Une pi\u00e8ce intemporelle qui apporte imm\u00e9diatement beaucoup de cachet \u00e0 une pi\u00e8ce ! Gr\u00e2ce \u00e0 son dos ajour\u00e9, ce bureau peut \u00e9galement \u00eatre plac\u00e9 en pleine pi\u00e8ce pour un effet magnifique.\r\n\r\nP\u00e9riode de conception : 1950 \u2013 1960\nStyle : Mid-century modern \u2013 Design scandinave \u2013 Design danois\nMat\u00e9riau : teck \n\u00c9tat : en bon \u00e9tat vintage\nPays d'origine : Danemark\r\n\r\n<strong>Dimensions :<\/strong>\r\nLargeur : 119 cm \nHauteur : 73 cm\nProfondeur : 64 cm\nLargeur de l'espace pour les jambes : 42,5 cm\n\nR\u00e9f\u00e9rence : 211822","protected":false},"featured_media":23990,"template":"","meta":{"_acf_changed":false},"product_brand":[],"product_cat":[103],"product_tag":[],"class_list":["post-23987","product","type-product","status-publish","has-post-thumbnail","product_cat-archief","product_shipping_class-koerier","first","outofstock","shipping-taxable","product-type-simple"],"composite_virtual":false,"composite_layout":"","composite_add_to_cart_form_location":"","composite_editable_in_cart":false,"composite_sold_individually_context":"","composite_shop_price_calc":"","composite_components":[],"composite_scenarios":[],"exclude_global_add_ons":[],"addons":[],"acf":[],"yoast_head":null,"yoast_head_json":null,"_links":{"self":[{"href":"https:\/\/www.charmig.nl\/fr\/wp-json\/wp\/v2\/product\/23987","targetHints":{"allow":["GET"]}}],"collection":[{"href":"https:\/\/www.charmig.nl\/fr\/wp-json\/wp\/v2\/product"}],"about":[{"href":"https:\/\/www.charmig.nl\/fr\/wp-json\/wp\/v2\/types\/product"}],"wp:featuredmedia":[{"embeddable":true,"href":"https:\/\/www.charmig.nl\/fr\/wp-json\/wp\/v2\/media\/23990"}],"wp:attachment":[{"href":"https:\/\/www.charmig.nl\/fr\/wp-json\/wp\/v2\/media?parent=23987"}],"wp:term":[{"taxonomy":"product_brand","embeddable":true,"href":"https:\/\/www.charmig.nl\/fr\/wp-json\/wp\/v2\/product_brand?post=23987"},{"taxonomy":"product_cat","embeddable":true,"href":"https:\/\/www.charmig.nl\/fr\/wp-json\/wp\/v2\/product_cat?post=23987"},{"taxonomy":"product_tag","embeddable":true,"href":"https:\/\/www.charmig.nl\/fr\/wp-json\/wp\/v2\/product_tag?post=23987"}],"curies":[{"name":"wp","href":"https:\/\/api.w.org\/{rel}","templated":true}]}}