{"id":24842,"date":"2026-03-12T15:01:55","date_gmt":"2026-03-12T14:01:55","guid":{"rendered":"https:\/\/www.charmig.nl\/?post_type=product&#038;p=24842"},"modified":"2026-04-23T09:37:44","modified_gmt":"2026-04-23T07:37:44","slug":"vintage-bank-3-zits-illum-wikkelso-ml-90-roze-opnieuw-gestoffeerd","status":"publish","type":"product","link":"https:\/\/www.charmig.nl\/fr\/produit\/meubles\/sieges\/banques\/vintage-bank-3-zits-illum-wikkelso-ml-90-roze-opnieuw-gestoffeerd\/","title":{"rendered":"Canap\u00e9 vintage | 3 places | Illum Wikkels\u00f8 | ML-90 | Rose | retapiss\u00e9"},"content":{"rendered":"","protected":false},"excerpt":{"rendered":"L'embl\u00e9matique Illum Wikkels\u00f8 ML-90 est un exemple extraordinaire du design danois du milieu des ann\u00e9es 1960. Con\u00e7u par Illum Wikkels\u00f8 et produit par l'usine de meubles Michael Laursen, ce canap\u00e9 vintage se distingue imm\u00e9diatement par son design non conventionnel. Les panneaux lat\u00e9raux carr\u00e9s et les pieds crois\u00e9s en ch\u00eane massif conf\u00e8rent au canap\u00e9 un aspect puissant et sculptural, l'assise semblant s'appuyer subtilement sur la base.\r\n\r\nCe canap\u00e9 vintage ML-90 a \u00e9t\u00e9 professionnellement retapiss\u00e9 dans un magnifique tissu boucl\u00e9 aux teintes roses chaudes. La riche texture du tissu donne au canap\u00e9 un aspect doux et contemporain, tout en pr\u00e9servant les lignes originales du design.\r\n\r\nUn classique confortable et \u00e9l\u00e9gant qui s'int\u00e8gre parfaitement dans les int\u00e9rieurs modernes et vintage. Ce canap\u00e9 Illum Wikkels\u00f8 ML-90 est en excellent \u00e9tat.\r\n\r\nP\u00e9riode de conception : ann\u00e9es 1960\r\nStyle : Vintage, moderne du milieu du si\u00e8cle, design scandinave\r\nMat\u00e9riau : Tissu, ch\u00eane\r\nCondition : En tr\u00e8s bon \u00e9tat, le canap\u00e9 a \u00e9t\u00e9 retapiss\u00e9.\r\n\r\nDimensions : Largeur : 208 cm\r\nLargeur : 208 cm\r\nHauteur : 71 cm\r\nProfondeur : 81 cm\r\nHauteur de l'assise : 44 cm\r\nProfondeur de l'assise : 54 cm\r\n\r\nNum\u00e9ro d'article : 211864","protected":false},"featured_media":24845,"template":"","meta":{"_acf_changed":false},"product_brand":[],"product_cat":[144],"product_tag":[],"class_list":{"0":"post-24842","1":"product","2":"type-product","3":"status-publish","4":"has-post-thumbnail","6":"product_cat-banken","7":"product_shipping_class-koerier","9":"first","10":"instock","11":"shipping-taxable","12":"purchasable","13":"product-type-simple"},"composite_virtual":false,"composite_layout":"","composite_add_to_cart_form_location":"","composite_editable_in_cart":false,"composite_sold_individually_context":"","composite_shop_price_calc":"","composite_components":[],"composite_scenarios":[],"exclude_global_add_ons":[],"addons":[],"acf":[],"yoast_head":null,"yoast_head_json":null,"_links":{"self":[{"href":"https:\/\/www.charmig.nl\/fr\/wp-json\/wp\/v2\/product\/24842","targetHints":{"allow":["GET"]}}],"collection":[{"href":"https:\/\/www.charmig.nl\/fr\/wp-json\/wp\/v2\/product"}],"about":[{"href":"https:\/\/www.charmig.nl\/fr\/wp-json\/wp\/v2\/types\/product"}],"wp:featuredmedia":[{"embeddable":true,"href":"https:\/\/www.charmig.nl\/fr\/wp-json\/wp\/v2\/media\/24845"}],"wp:attachment":[{"href":"https:\/\/www.charmig.nl\/fr\/wp-json\/wp\/v2\/media?parent=24842"}],"wp:term":[{"taxonomy":"product_brand","embeddable":true,"href":"https:\/\/www.charmig.nl\/fr\/wp-json\/wp\/v2\/product_brand?post=24842"},{"taxonomy":"product_cat","embeddable":true,"href":"https:\/\/www.charmig.nl\/fr\/wp-json\/wp\/v2\/product_cat?post=24842"},{"taxonomy":"product_tag","embeddable":true,"href":"https:\/\/www.charmig.nl\/fr\/wp-json\/wp\/v2\/product_tag?post=24842"}],"curies":[{"name":"wp","href":"https:\/\/api.w.org\/{rel}","templated":true}]}}