{"id":8654,"date":"2023-06-12T08:35:37","date_gmt":"2023-06-12T06:35:37","guid":{"rendered":"https:\/\/www.charmig.nl\/?post_type=product&#038;p=8654"},"modified":"2026-04-23T09:35:31","modified_gmt":"2026-04-23T07:35:31","slug":"4-x-eetkamerstoel-moller-model-401-eiken-vintage-gerestaureerd","status":"publish","type":"product","link":"https:\/\/www.charmig.nl\/fr\/produit\/archives\/4-x-eetkamerstoel-moller-model-401-eiken-vintage-gerestaureerd\/","title":{"rendered":"4 x chaise de salle \u00e0 manger | M\u00f8ller | Mod\u00e8le 401 | Ch\u00eane | Vintage | Restaur\u00e9"},"content":{"rendered":"","protected":false},"excerpt":{"rendered":"Num\u00e9ro d'article : 210850\r\n\r\nEnsemble de 4 magnifiques chaises de salle \u00e0 manger vintage en ch\u00eane. Ces chaises ont \u00e9t\u00e9 con\u00e7ues par J\u00f8rgen H. M\u00f8ller. Les chaises de salle \u00e0 manger sont fabriqu\u00e9es en ch\u00eane et sont dot\u00e9es de nouvelles assises en corde de papier.\r\n\r\n    P\u00e9riode de cr\u00e9ation : 1960 - 1970\r\n    Style : moderne du milieu du si\u00e8cle - design danois - design scandinave\r\n    Mat\u00e9riau : Ch\u00eane, Papercord\r\n    \u00c9tat : restaur\u00e9es, les armatures ont \u00e9t\u00e9 v\u00e9rifi\u00e9es et les assises ont \u00e9t\u00e9 dot\u00e9es d'un nouveau cordon en papier. Les dommages sur le cadre ont \u00e9t\u00e9 retouch\u00e9s.\r\n    Designer : J\u00f8rgen H. M\u00f8ller\r\n    Fabricant : J L M\u00f8llers M\u00f8belfabrik\r\n\r\nDimensions : Hauteur : 78 cm :\r\nHauteur : 78 cm\r\nHauteur de l'assise : 46 cm\r\nLargeur : 50 cm","protected":false},"featured_media":8655,"template":"","meta":{"_acf_changed":false},"product_brand":[],"product_cat":[103],"product_tag":[],"class_list":{"0":"post-8654","1":"product","2":"type-product","3":"status-publish","4":"has-post-thumbnail","6":"product_cat-archief","7":"product_shipping_class-koerier","9":"first","10":"outofstock","11":"shipping-taxable","12":"product-type-simple"},"composite_virtual":false,"composite_layout":"","composite_add_to_cart_form_location":"","composite_editable_in_cart":false,"composite_sold_individually_context":"","composite_shop_price_calc":"","composite_components":[],"composite_scenarios":[],"exclude_global_add_ons":[],"addons":[],"acf":[],"yoast_head":null,"yoast_head_json":null,"_links":{"self":[{"href":"https:\/\/www.charmig.nl\/fr\/wp-json\/wp\/v2\/product\/8654","targetHints":{"allow":["GET"]}}],"collection":[{"href":"https:\/\/www.charmig.nl\/fr\/wp-json\/wp\/v2\/product"}],"about":[{"href":"https:\/\/www.charmig.nl\/fr\/wp-json\/wp\/v2\/types\/product"}],"wp:featuredmedia":[{"embeddable":true,"href":"https:\/\/www.charmig.nl\/fr\/wp-json\/wp\/v2\/media\/8655"}],"wp:attachment":[{"href":"https:\/\/www.charmig.nl\/fr\/wp-json\/wp\/v2\/media?parent=8654"}],"wp:term":[{"taxonomy":"product_brand","embeddable":true,"href":"https:\/\/www.charmig.nl\/fr\/wp-json\/wp\/v2\/product_brand?post=8654"},{"taxonomy":"product_cat","embeddable":true,"href":"https:\/\/www.charmig.nl\/fr\/wp-json\/wp\/v2\/product_cat?post=8654"},{"taxonomy":"product_tag","embeddable":true,"href":"https:\/\/www.charmig.nl\/fr\/wp-json\/wp\/v2\/product_tag?post=8654"}],"curies":[{"name":"wp","href":"https:\/\/api.w.org\/{rel}","templated":true}]}}